{"id":4,"date":"2016-03-07T14:07:58","date_gmt":"2016-03-07T13:07:58","guid":{"rendered":"http:\/\/92.103.97.114\/adh\/wdp_afr\/?page_id=4"},"modified":"2018-08-16T10:32:43","modified_gmt":"2018-08-16T09:32:43","slug":"qui-sommes-nous","status":"publish","type":"page","link":"https:\/\/www.cftc-afr.fr\/index.php\/qui-sommes-nous\/","title":{"rendered":"Qui sommes nous ?"},"content":{"rendered":"<p style=\"text-align: justify;\">C\u2019est \u00e0 la demande de la CFTC (Conf\u00e9d\u00e9ration Fran\u00e7aise des Travailleurs Chr\u00e9tiens) et de sa F\u00e9d\u00e9ration Commerce Service et Forces de Vente (CSFV) qu\u2019est n\u00e9e suite \u00e0 l\u2019Assembl\u00e9e G\u00e9n\u00e9rale Constitutive du 23 f\u00e9vrier 2011, l\u2019Association F\u00e9d\u00e9rale des Retrait\u00e9s: AFR CSFV CFTC.<\/p>\n<p style=\"text-align: justify;\">D\u2019abord nomm\u00e9e Union F\u00e9d\u00e9rale des Retrait\u00e9s, notre association (loi de 1901) d\u00e9clar\u00e9e en avril 2011, fut pour des raisons administratives renomm\u00e9e AFR.<\/p>\n<p style=\"text-align: justify;\">Son objet est la d\u00e9fense des droits et int\u00e9r\u00eats mat\u00e9riels et moraux des retrait\u00e9s.<br \/>\nComme toutes les entit\u00e9s CFTC, nous nous r\u00e9clamons et nous inspirons dans nos actions des principes de la Morale Sociale Chr\u00e9tienne.<\/p>\n<p style=\"text-align: justify;\">Nous sommes adh\u00e9rents \u00e0 la CFTC ainsi qu\u2019\u00e0 l\u2019UNAR-CFTC (Union NAtionale des Retrait\u00e9s).<br \/>\nNos missions essentielles :<\/p>\n<ul style=\"text-align: justify;\">\n<li>D\u00e9fense des droits mat\u00e9riels et moraux tant collectifs qu\u2019individuels de nos adh\u00e9rents (Retrait\u00e9s, pr\u00e9retrait\u00e9s et pensionn\u00e9s)<\/li>\n<li>Repr\u00e9sentation de nos adh\u00e9rents dans les institutions les concernant<\/li>\n<li>Organisation de service pouvant apporter \u00e0 nos adh\u00e9rents des renseignements, de la documentation<\/li>\n<li>Mise en place, si n\u00e9cessaire, de moyens de formation<\/li>\n<li>Convivialit\u00e9 et solidarit\u00e9 entre les membres adh\u00e9rents<\/li>\n<li>Entretenir des relations avec la F\u00e9d\u00e9ration et les autres Unions ou Associations F\u00e9d\u00e9rales de Retrait\u00e9s affili\u00e9es \u00e0 l\u2019UNAR-CFTC<\/li>\n<li>Adresser des voeux \u00e0 l\u2019UNAR, \u00e0 la F\u00e9d\u00e9ration CSFV et \u00e0 la Conf\u00e9d\u00e9ration CFTC sur la situation sociale et \u00e9conomique des retrait\u00e9s afin qu\u2019ils soient r\u00e9percut\u00e9s aux pouvoirs publics.<\/li>\n<\/ul>\n<p style=\"text-align: justify;\">Lors de notre AG constitutive, un bureau et un Comit\u00e9 Directeur furent \u00e9lus pour une dur\u00e9e de 3 ans. Lors de notre Assembl\u00e9e G\u00e9n\u00e9rale de 2018 \u00e0 Nancy, ces deux entit\u00e9s furent renouvel\u00e9es et compl\u00e9t\u00e9es (<a href=\"https:\/\/www.cftc-afr.fr\/index.php\/notre-equipe\/\">voir notre \u00e9quipe<\/a>).<\/p>\n<p style=\"text-align: justify;\"><span style=\"line-height: 1.71429; font-size: 1rem;\">Le prochain renouvellement aura lieu dans 4 ans.<\/span><\/p>\n","protected":false},"excerpt":{"rendered":"<p>C\u2019est \u00e0 la demande de la CFTC (Conf\u00e9d\u00e9ration Fran\u00e7aise des Travailleurs Chr\u00e9tiens) et de sa F\u00e9d\u00e9ration Commerce Service et Forces de Vente (CSFV) qu\u2019est n\u00e9e suite \u00e0 l\u2019Assembl\u00e9e G\u00e9n\u00e9rale Constitutive du 23 f\u00e9vrier 2011, l\u2019Association F\u00e9d\u00e9rale des Retrait\u00e9s: AFR CSFV CFTC. D\u2019abord nomm\u00e9e Union F\u00e9d\u00e9rale des Retrait\u00e9s, notre association (loi de 1901) d\u00e9clar\u00e9e en avril&#8230;<\/p>\n","protected":false},"author":1,"featured_media":0,"parent":0,"menu_order":0,"comment_status":"closed","ping_status":"closed","template":"","meta":{"jetpack_post_was_ever_published":false,"footnotes":""},"class_list":["post-4","page","type-page","status-publish","hentry"],"yoast_head":"<!-- This site is optimized with the Yoast SEO plugin v27.4 - https:\/\/yoast.com\/product\/yoast-seo-wordpress\/ -->\n<title>Qui sommes nous ? - CFTC-AFR<\/title>\n<meta name=\"robots\" content=\"index, follow, max-snippet:-1, max-image-preview:large, max-video-preview:-1\" \/>\n<link rel=\"canonical\" href=\"https:\/\/www.cftc-afr.fr\/index.php\/qui-sommes-nous\/\" \/>\n<meta property=\"og:locale\" content=\"fr_FR\" \/>\n<meta property=\"og:type\" content=\"article\" \/>\n<meta property=\"og:title\" content=\"Qui sommes nous ? - CFTC-AFR\" \/>\n<meta property=\"og:description\" content=\"C\u2019est \u00e0 la demande de la CFTC (Conf\u00e9d\u00e9ration Fran\u00e7aise des Travailleurs Chr\u00e9tiens) et de sa F\u00e9d\u00e9ration Commerce Service et Forces de Vente (CSFV) qu\u2019est n\u00e9e suite \u00e0 l\u2019Assembl\u00e9e G\u00e9n\u00e9rale Constitutive du 23 f\u00e9vrier 2011, l\u2019Association F\u00e9d\u00e9rale des Retrait\u00e9s: AFR CSFV CFTC. D\u2019abord nomm\u00e9e Union F\u00e9d\u00e9rale des Retrait\u00e9s, notre association (loi de 1901) d\u00e9clar\u00e9e en avril...\" \/>\n<meta property=\"og:url\" content=\"https:\/\/www.cftc-afr.fr\/index.php\/qui-sommes-nous\/\" \/>\n<meta property=\"og:site_name\" content=\"CFTC-AFR\" \/>\n<meta property=\"article:modified_time\" content=\"2018-08-16T09:32:43+00:00\" \/>\n<meta name=\"twitter:card\" content=\"summary_large_image\" \/>\n<meta name=\"twitter:label1\" content=\"Dur\u00e9e de lecture estim\u00e9e\" \/>\n\t<meta name=\"twitter:data1\" content=\"2 minutes\" \/>\n<script type=\"application\/ld+json\" class=\"yoast-schema-graph\">{\"@context\":\"https:\\\/\\\/schema.org\",\"@graph\":[{\"@type\":\"WebPage\",\"@id\":\"https:\\\/\\\/www.cftc-afr.fr\\\/index.php\\\/qui-sommes-nous\\\/\",\"url\":\"https:\\\/\\\/www.cftc-afr.fr\\\/index.php\\\/qui-sommes-nous\\\/\",\"name\":\"Qui sommes nous ? - CFTC-AFR\",\"isPartOf\":{\"@id\":\"https:\\\/\\\/www.cftc-afr.fr\\\/#website\"},\"datePublished\":\"2016-03-07T13:07:58+00:00\",\"dateModified\":\"2018-08-16T09:32:43+00:00\",\"breadcrumb\":{\"@id\":\"https:\\\/\\\/www.cftc-afr.fr\\\/index.php\\\/qui-sommes-nous\\\/#breadcrumb\"},\"inLanguage\":\"fr-FR\",\"potentialAction\":[{\"@type\":\"ReadAction\",\"target\":[\"https:\\\/\\\/www.cftc-afr.fr\\\/index.php\\\/qui-sommes-nous\\\/\"]}]},{\"@type\":\"BreadcrumbList\",\"@id\":\"https:\\\/\\\/www.cftc-afr.fr\\\/index.php\\\/qui-sommes-nous\\\/#breadcrumb\",\"itemListElement\":[{\"@type\":\"ListItem\",\"position\":1,\"name\":\"Accueil\",\"item\":\"https:\\\/\\\/www.cftc-afr.fr\\\/\"},{\"@type\":\"ListItem\",\"position\":2,\"name\":\"Qui sommes nous ?\"}]},{\"@type\":\"WebSite\",\"@id\":\"https:\\\/\\\/www.cftc-afr.fr\\\/#website\",\"url\":\"https:\\\/\\\/www.cftc-afr.fr\\\/\",\"name\":\"CFTC-AFR\",\"description\":\"La vie \u00e0 d\u00e9fendre\",\"potentialAction\":[{\"@type\":\"SearchAction\",\"target\":{\"@type\":\"EntryPoint\",\"urlTemplate\":\"https:\\\/\\\/www.cftc-afr.fr\\\/?s={search_term_string}\"},\"query-input\":{\"@type\":\"PropertyValueSpecification\",\"valueRequired\":true,\"valueName\":\"search_term_string\"}}],\"inLanguage\":\"fr-FR\"}]}<\/script>\n<!-- \/ Yoast SEO plugin. -->","yoast_head_json":{"title":"Qui sommes nous ? - CFTC-AFR","robots":{"index":"index","follow":"follow","max-snippet":"max-snippet:-1","max-image-preview":"max-image-preview:large","max-video-preview":"max-video-preview:-1"},"canonical":"https:\/\/www.cftc-afr.fr\/index.php\/qui-sommes-nous\/","og_locale":"fr_FR","og_type":"article","og_title":"Qui sommes nous ? - CFTC-AFR","og_description":"C\u2019est \u00e0 la demande de la CFTC (Conf\u00e9d\u00e9ration Fran\u00e7aise des Travailleurs Chr\u00e9tiens) et de sa F\u00e9d\u00e9ration Commerce Service et Forces de Vente (CSFV) qu\u2019est n\u00e9e suite \u00e0 l\u2019Assembl\u00e9e G\u00e9n\u00e9rale Constitutive du 23 f\u00e9vrier 2011, l\u2019Association F\u00e9d\u00e9rale des Retrait\u00e9s: AFR CSFV CFTC. D\u2019abord nomm\u00e9e Union F\u00e9d\u00e9rale des Retrait\u00e9s, notre association (loi de 1901) d\u00e9clar\u00e9e en avril...","og_url":"https:\/\/www.cftc-afr.fr\/index.php\/qui-sommes-nous\/","og_site_name":"CFTC-AFR","article_modified_time":"2018-08-16T09:32:43+00:00","twitter_card":"summary_large_image","twitter_misc":{"Dur\u00e9e de lecture estim\u00e9e":"2 minutes"},"schema":{"@context":"https:\/\/schema.org","@graph":[{"@type":"WebPage","@id":"https:\/\/www.cftc-afr.fr\/index.php\/qui-sommes-nous\/","url":"https:\/\/www.cftc-afr.fr\/index.php\/qui-sommes-nous\/","name":"Qui sommes nous ? - CFTC-AFR","isPartOf":{"@id":"https:\/\/www.cftc-afr.fr\/#website"},"datePublished":"2016-03-07T13:07:58+00:00","dateModified":"2018-08-16T09:32:43+00:00","breadcrumb":{"@id":"https:\/\/www.cftc-afr.fr\/index.php\/qui-sommes-nous\/#breadcrumb"},"inLanguage":"fr-FR","potentialAction":[{"@type":"ReadAction","target":["https:\/\/www.cftc-afr.fr\/index.php\/qui-sommes-nous\/"]}]},{"@type":"BreadcrumbList","@id":"https:\/\/www.cftc-afr.fr\/index.php\/qui-sommes-nous\/#breadcrumb","itemListElement":[{"@type":"ListItem","position":1,"name":"Accueil","item":"https:\/\/www.cftc-afr.fr\/"},{"@type":"ListItem","position":2,"name":"Qui sommes nous ?"}]},{"@type":"WebSite","@id":"https:\/\/www.cftc-afr.fr\/#website","url":"https:\/\/www.cftc-afr.fr\/","name":"CFTC-AFR","description":"La vie \u00e0 d\u00e9fendre","potentialAction":[{"@type":"SearchAction","target":{"@type":"EntryPoint","urlTemplate":"https:\/\/www.cftc-afr.fr\/?s={search_term_string}"},"query-input":{"@type":"PropertyValueSpecification","valueRequired":true,"valueName":"search_term_string"}}],"inLanguage":"fr-FR"}]}},"jetpack_sharing_enabled":true,"jetpack_shortlink":"https:\/\/wp.me\/PauKx7-4","_links":{"self":[{"href":"https:\/\/www.cftc-afr.fr\/index.php\/wp-json\/wp\/v2\/pages\/4","targetHints":{"allow":["GET"]}}],"collection":[{"href":"https:\/\/www.cftc-afr.fr\/index.php\/wp-json\/wp\/v2\/pages"}],"about":[{"href":"https:\/\/www.cftc-afr.fr\/index.php\/wp-json\/wp\/v2\/types\/page"}],"author":[{"embeddable":true,"href":"https:\/\/www.cftc-afr.fr\/index.php\/wp-json\/wp\/v2\/users\/1"}],"replies":[{"embeddable":true,"href":"https:\/\/www.cftc-afr.fr\/index.php\/wp-json\/wp\/v2\/comments?post=4"}],"version-history":[{"count":5,"href":"https:\/\/www.cftc-afr.fr\/index.php\/wp-json\/wp\/v2\/pages\/4\/revisions"}],"predecessor-version":[{"id":374,"href":"https:\/\/www.cftc-afr.fr\/index.php\/wp-json\/wp\/v2\/pages\/4\/revisions\/374"}],"wp:attachment":[{"href":"https:\/\/www.cftc-afr.fr\/index.php\/wp-json\/wp\/v2\/media?parent=4"}],"curies":[{"name":"wp","href":"https:\/\/api.w.org\/{rel}","templated":true}]}}