{"id":399,"date":"2018-11-30T15:31:15","date_gmt":"2018-11-30T14:31:15","guid":{"rendered":"https:\/\/www.cftc-afr.fr\/?page_id=399"},"modified":"2018-11-30T15:31:30","modified_gmt":"2018-11-30T14:31:30","slug":"plan-du-site","status":"publish","type":"page","link":"https:\/\/www.cftc-afr.fr\/index.php\/plan-du-site\/","title":{"rendered":"Plan du site"},"content":{"rendered":"<div class=\"wsp-container\"><h2 class=\"wsp-pages-title\">Pages<\/h2>\n<ul class=\"wsp-pages-list\">\n<li class=\"page_item page-item-19\"><a href=\"https:\/\/www.cftc-afr.fr\/index.php\/actualites\/\">Actualit\u00e9s<\/a><\/li>\n<li class=\"page_item page-item-6\"><a href=\"https:\/\/www.cftc-afr.fr\/index.php\/le-mot-du-president\/\">Le mot du Pr\u00e9sident<\/a><\/li>\n<li class=\"page_item page-item-402\"><a href=\"https:\/\/www.cftc-afr.fr\/index.php\/mentions-legales\/\">Mentions l\u00e9gales<\/a><\/li>\n<li class=\"page_item page-item-17\"><a href=\"https:\/\/www.cftc-afr.fr\/index.php\/nos-evenements\/\">Nos \u00e9v\u00e8nements<\/a><\/li>\n<li class=\"page_item page-item-15\"><a href=\"https:\/\/www.cftc-afr.fr\/index.php\/notre-equipe\/\">Notre \u00e9quipe<\/a><\/li>\n<li class=\"page_item page-item-21 page_item_has_children\"><a href=\"https:\/\/www.cftc-afr.fr\/index.php\/nous-contacter\/\">Nous contacter<\/a>\n<ul class='children'>\n\t<li class=\"page_item page-item-105\"><a href=\"https:\/\/www.cftc-afr.fr\/index.php\/nous-contacter\/nos-partenaires\/\">Nos partenaires<\/a><\/li>\n<\/ul>\n<\/li>\n<li class=\"page_item page-item-399\"><a href=\"https:\/\/www.cftc-afr.fr\/index.php\/plan-du-site\/\">Plan du site<\/a><\/li>\n<li class=\"page_item page-item-4\"><a href=\"https:\/\/www.cftc-afr.fr\/index.php\/qui-sommes-nous\/\">Qui sommes nous ?<\/a><\/li>\n<\/ul>\n<h2 class=\"wsp-posts-title\">Articles par cat\u00e9gorie<\/h2>\n<ul class=\"wsp-posts-list\">\n\t<li><strong class=\"wsp-category-title\">Cat\u00e9gorie\u00a0: <a href=\"https:\/\/www.cftc-afr.fr\/index.php\/category\/actualites\/\">Actualit\u00e9s<\/a><\/strong>\n<ul class=\"wsp-posts-list\">\t\t<li class=\"wsp-post\"><a href=\"https:\/\/www.cftc-afr.fr\/index.php\/2018\/02\/20\/15-mars-journee-nationale-daction\/\">Le 15 Mars, journ\u00e9e nationale d&rsquo;action<\/a><\/li>\n\t\t<li class=\"wsp-post\"><a href=\"https:\/\/www.cftc-afr.fr\/index.php\/2018\/01\/03\/bonne-annee-2018\/\">Bonne ann\u00e9e 2018<\/a><\/li>\n\t\t<li class=\"wsp-post\"><a href=\"https:\/\/www.cftc-afr.fr\/index.php\/2017\/12\/13\/cybersecurite-formez-gratuitement\/\">Cybers\u00e9curit\u00e9\u00a0: formez- vous gratuitement\u00a0!!!<\/a><\/li>\n\t\t<li class=\"wsp-post\"><a href=\"https:\/\/www.cftc-afr.fr\/index.php\/2017\/10\/02\/non-a-hausse-de-csg\/\">NON \u00e0 la hausse de la CSG<\/a><\/li>\n\t\t<li class=\"wsp-post\"><a href=\"https:\/\/www.cftc-afr.fr\/index.php\/2017\/09\/25\/merci-monsieur-president\/\">Merci Monsieur le Pr\u00e9sident<\/a><\/li>\n\t\t<li class=\"wsp-post\"><a href=\"https:\/\/www.cftc-afr.fr\/index.php\/2017\/05\/09\/assemblee-generale-2017\/\">Assembl\u00e9e G\u00e9n\u00e9rale 2017<\/a><\/li>\n\t\t<li class=\"wsp-post\"><a href=\"https:\/\/www.cftc-afr.fr\/index.php\/2017\/03\/13\/demandes-administratives-demarches-ligne-attention-aux-faussaires\/\">Demandes Administratives &#8211; D\u00e9marches en ligne attention aux faussaires!<\/a><\/li>\n\t\t<li class=\"wsp-post\"><a href=\"https:\/\/www.cftc-afr.fr\/index.php\/2016\/12\/06\/change-1er-decembre-2016\/\">Ce qui change au 1er d\u00e9cembre 2016<\/a><\/li>\n\t\t<li class=\"wsp-post\"><a href=\"https:\/\/www.cftc-afr.fr\/index.php\/2016\/11\/22\/un-film-cftc\/\">L&rsquo;actualit\u00e9 vid\u00e9o de la CFTC<\/a><\/li>\n\t\t<li class=\"wsp-post\"><a href=\"https:\/\/www.cftc-afr.fr\/index.php\/2016\/11\/21\/reperer-maladie-dalzheimer-se-tromper\/\">Rep\u00e9rer la maladie d\u2019Alzheimer sans se tromper<\/a><\/li>\n\t\t<li class=\"wsp-post\"><a href=\"https:\/\/www.cftc-afr.fr\/index.php\/2016\/11\/15\/e-sante-innovation-100-made-in-france\/\">e-sant\u00e9 une innovation 100% Made in France<\/a><\/li>\n\t\t<li class=\"wsp-post\"><a href=\"https:\/\/www.cftc-afr.fr\/index.php\/2016\/10\/20\/tout-tout-tout-vous-saurez-tout-sur-votre-retraite\/\">Tout , tout, tout, vous saurez tout sur votre retraite !!!<\/a><\/li>\n\t\t<li class=\"wsp-post\"><a href=\"https:\/\/www.cftc-afr.fr\/index.php\/2016\/10\/17\/aides-logement-nouveau-calcul-met-danger-familles\/\">Aides au logement, un nouveau calcul qui met en danger les familles !\u00a0<\/a><\/li>\n\t\t<li class=\"wsp-post\"><a href=\"https:\/\/www.cftc-afr.fr\/index.php\/2016\/09\/30\/tiens-de-nouvel-impot\/\">Tiens, pas de nouvel imp\u00f4t\u00a0?<\/a><\/li>\n\t\t<li class=\"wsp-post\"><a href=\"https:\/\/www.cftc-afr.fr\/index.php\/2016\/09\/16\/prix-de-lenergie\/\">Prix de l&rsquo;\u00e9nergie<\/a><\/li>\n\t\t<li class=\"wsp-post\"><a href=\"https:\/\/www.cftc-afr.fr\/index.php\/2016\/09\/12\/le-mot-du-secretaire-general\/\">Le Mot du Secr\u00e9taire G\u00e9n\u00e9ral<\/a><\/li>\n\t\t<li class=\"wsp-post\"><a href=\"https:\/\/www.cftc-afr.fr\/index.php\/2016\/09\/09\/reperes-sociaux-aide-juridictionnelle\/\">Rep\u00e8res sociaux :  Aide juridictionnelle<\/a><\/li>\n\t\t<li class=\"wsp-post\"><a href=\"https:\/\/www.cftc-afr.fr\/index.php\/2016\/08\/30\/cest-la-rentree\/\">C\u2019est la rentr\u00e9e<\/a><\/li>\n\t\t<li class=\"wsp-post\"><a href=\"https:\/\/www.cftc-afr.fr\/index.php\/2016\/08\/18\/la-securite-des-seniors\/\">La s\u00e9curit\u00e9 des seniors<\/a><\/li>\n\t\t<li class=\"wsp-post\"><a href=\"https:\/\/www.cftc-afr.fr\/index.php\/2016\/07\/28\/on-seul-vit-on-1-424e-mois\/\">Quand on est seul, comment vit-on avec 1 424\u20ac par mois\u00a0?<\/a><\/li>\n\t\t<li class=\"wsp-post\"><a href=\"https:\/\/www.cftc-afr.fr\/index.php\/2016\/07\/19\/ephad-maisons-de-retraite-droits-residents\/\">EPHAD et MAISONS de RETRAITE\u00a0:\u00a0 les DROITS des RESIDENTS<\/a><\/li>\n\t\t<li class=\"wsp-post\"><a href=\"https:\/\/www.cftc-afr.fr\/index.php\/2016\/07\/08\/tiens-nouvel-impot\/\">Tiens, un nouvel imp\u00f4t\u00a0!!<\/a><\/li>\n\t\t<li class=\"wsp-post\"><a href=\"https:\/\/www.cftc-afr.fr\/index.php\/2016\/07\/05\/carte-mobilite-nouvelle-carte-trois-personnes-handicapees\/\">Carte mobilit\u00e9 : une nouvelle carte trois en un pour les personnes handicap\u00e9es<\/a><\/li>\n\t\t<li class=\"wsp-post\"><a href=\"https:\/\/www.cftc-afr.fr\/index.php\/2016\/07\/04\/loi-portant-fin-de-vie\/\">Loi portant sur la fin de vie<\/a><\/li>\n\t\t<li class=\"wsp-post\"><a href=\"https:\/\/www.cftc-afr.fr\/index.php\/2016\/05\/23\/cta-contribution-tarifaire-dacheminement-quesako\/\">La CTA ou Contribution tarifaire d&rsquo;acheminement , qu\u00e9sako ???<\/a><\/li>\n\t\t<li class=\"wsp-post\"><a href=\"https:\/\/www.cftc-afr.fr\/index.php\/2016\/05\/09\/nouveaux-montants-de-lallocation-personnalisee-dautonomie-apa\/\">Les nouveaux montants de l&rsquo;allocation personnalis\u00e9e d&rsquo;autonomie (APA)<\/a><\/li>\n\t\t<li class=\"wsp-post\"><a href=\"https:\/\/www.cftc-afr.fr\/index.php\/2016\/05\/03\/retour-lassemblee-generale\/\">Retour sur l\u2019assembl\u00e9e g\u00e9n\u00e9rale<\/a><\/li>\n\t\t<li class=\"wsp-post\"><a href=\"https:\/\/www.cftc-afr.fr\/index.php\/2016\/03\/14\/117\/\">MANIFESTATION DU 10 MARS 2016 &#8211; D\u00e9fense du pouvoir d&rsquo;achat des retrait\u00e9s<\/a><\/li>\n\t\t<li class=\"wsp-post\"><a href=\"https:\/\/www.cftc-afr.fr\/index.php\/2016\/03\/07\/sos-mtl\/\">SOS MTL<\/a><\/li>\n\t\t<li class=\"wsp-post\"><a href=\"https:\/\/www.cftc-afr.fr\/index.php\/2016\/03\/07\/assemblee-generale-annuelle\/\">Assembl\u00e9e G\u00e9n\u00e9rale Annuelle<\/a><\/li>\n<\/ul><\/li>\n\t<li><strong class=\"wsp-category-title\">Cat\u00e9gorie\u00a0: <a href=\"https:\/\/www.cftc-afr.fr\/index.php\/category\/equipe\/\">Equipe<\/a><\/strong>\n<ul class=\"wsp-posts-list\">\t\t<li class=\"wsp-post\"><a href=\"https:\/\/www.cftc-afr.fr\/index.php\/2018\/08\/16\/christian-jean-jacques\/\">Christian Jean-Jacques<\/a><\/li>\n\t\t<li class=\"wsp-post\"><a href=\"https:\/\/www.cftc-afr.fr\/index.php\/2018\/08\/16\/marie-therese-lothier\/\">Marie-Th\u00e9r\u00e8se Lothier<\/a><\/li>\n\t\t<li class=\"wsp-post\"><a href=\"https:\/\/www.cftc-afr.fr\/index.php\/2018\/08\/16\/jeannine-collini\/\">Jeannine Collini<\/a><\/li>\n\t\t<li class=\"wsp-post\"><a href=\"https:\/\/www.cftc-afr.fr\/index.php\/2018\/08\/16\/claude-beausire\/\">Claude Beausire<\/a><\/li>\n\t\t<li class=\"wsp-post\"><a href=\"https:\/\/www.cftc-afr.fr\/index.php\/2018\/08\/16\/marie-claire-pheulpin\/\">Marie-Claire Pheulpin<\/a><\/li>\n\t\t<li class=\"wsp-post\"><a href=\"https:\/\/www.cftc-afr.fr\/index.php\/2018\/08\/16\/michele-leclercq\/\">Mich\u00e8le Leclercq<\/a><\/li>\n\t\t<li class=\"wsp-post\"><a href=\"https:\/\/www.cftc-afr.fr\/index.php\/2018\/08\/16\/michelle-bonnot\/\">Michelle Bonnot<\/a><\/li>\n\t\t<li class=\"wsp-post\"><a href=\"https:\/\/www.cftc-afr.fr\/index.php\/2018\/08\/16\/joseph-chamagne\/\">Joseph Chamagne<\/a><\/li>\n\t\t<li class=\"wsp-post\"><a href=\"https:\/\/www.cftc-afr.fr\/index.php\/2018\/08\/16\/claude-ferron\/\">Claude Ferron<\/a><\/li>\n\t\t<li class=\"wsp-post\"><a href=\"https:\/\/www.cftc-afr.fr\/index.php\/2018\/08\/16\/emmanuel-barbot\/\">Emmanuel Barbot<\/a><\/li>\n\t\t<li class=\"wsp-post\"><a href=\"https:\/\/www.cftc-afr.fr\/index.php\/2018\/08\/16\/jean-becqueret\/\">Jean Becqueret<\/a><\/li>\n\t\t<li class=\"wsp-post\"><a href=\"https:\/\/www.cftc-afr.fr\/index.php\/2018\/08\/16\/jean-philipe-bianco\/\">Jean-Philipe Bianco<\/a><\/li>\n\t\t<li class=\"wsp-post\"><a href=\"https:\/\/www.cftc-afr.fr\/index.php\/2018\/08\/16\/monique-daniel\/\">Monique Daniel<\/a><\/li>\n\t\t<li class=\"wsp-post\"><a href=\"https:\/\/www.cftc-afr.fr\/index.php\/2018\/08\/16\/jean-marc-delporte\/\">Jean-Marc Delporte<\/a><\/li>\n\t\t<li class=\"wsp-post\"><a href=\"https:\/\/www.cftc-afr.fr\/index.php\/2018\/08\/16\/dalia-duperrey\/\">Dalia Duperrey<\/a><\/li>\n<\/ul><\/li>\n\t<li><strong class=\"wsp-category-title\">Cat\u00e9gorie\u00a0: <a href=\"https:\/\/www.cftc-afr.fr\/index.php\/category\/evenement\/\">\u00c9v\u00e8nement<\/a><\/strong>\n<ul class=\"wsp-posts-list\">\t\t<li class=\"wsp-post\"><a href=\"https:\/\/www.cftc-afr.fr\/index.php\/2016\/04\/18\/assemblee-generale-annuelle-2\/\">Assembl\u00e9e G\u00e9n\u00e9rale Annuelle<\/a><\/li>\n\t\t<li class=\"wsp-post\"><a href=\"https:\/\/www.cftc-afr.fr\/index.php\/2016\/03\/07\/une-journee-a-saint-denis\/\">Une journ\u00e9e \u00e0 Saint Denis<\/a><\/li>\n\t\t<li class=\"wsp-post\"><a href=\"https:\/\/www.cftc-afr.fr\/index.php\/2016\/03\/07\/journee-ouverte-aux-adherentes\/\">Journ\u00e9e ouverte aux adh\u00e9rent(e)s<\/a><\/li>\n<\/ul><\/li>\n\t<li><strong class=\"wsp-category-title\">Cat\u00e9gorie\u00a0: <a href=\"https:\/\/www.cftc-afr.fr\/index.php\/category\/non-classe\/\">Non class\u00e9<\/a><\/strong>\n<ul class=\"wsp-posts-list\">\t\t<li class=\"wsp-post\"><a href=\"https:\/\/www.cftc-afr.fr\/index.php\/2016\/03\/14\/le-mot-du-president\/\">Le mot du pr\u00e9sident<\/a><\/li>\n\t\t<li class=\"wsp-post\"><a href=\"https:\/\/www.cftc-afr.fr\/index.php\/2016\/03\/04\/bonjour-tout-le-monde\/\">Bienvenue sur le site Internet de l&rsquo;Association F\u00e9d\u00e9rale des Retrait\u00e9s<\/a><\/li>\n<\/ul><\/li>\n\t<li><strong class=\"wsp-category-title\">Cat\u00e9gorie\u00a0: <a href=\"https:\/\/www.cftc-afr.fr\/index.php\/category\/partenaires\/\">Partenaires<\/a><\/strong>\n<ul class=\"wsp-posts-list\">\t\t<li class=\"wsp-post\"><a href=\"https:\/\/www.cftc-afr.fr\/index.php\/2016\/03\/14\/ufr\/\">UNAR<\/a><\/li>\n\t\t<li class=\"wsp-post\"><a href=\"https:\/\/www.cftc-afr.fr\/index.php\/2016\/03\/14\/csfv\/\">CSFV<\/a><\/li>\n\t\t<li class=\"wsp-post\"><a href=\"https:\/\/www.cftc-afr.fr\/index.php\/2016\/03\/14\/cftc\/\">CFTC<\/a><\/li>\n<\/ul><\/li>\n<\/ul>\n<\/div>\n","protected":false},"excerpt":{"rendered":"","protected":false},"author":1,"featured_media":0,"parent":0,"menu_order":0,"comment_status":"closed","ping_status":"closed","template":"","meta":{"jetpack_post_was_ever_published":false,"footnotes":""},"class_list":["post-399","page","type-page","status-publish","hentry"],"yoast_head":"<!-- This site is optimized with the Yoast SEO plugin v27.4 - https:\/\/yoast.com\/product\/yoast-seo-wordpress\/ -->\n<title>Plan du site - CFTC-AFR<\/title>\n<meta name=\"robots\" content=\"index, follow, max-snippet:-1, max-image-preview:large, max-video-preview:-1\" \/>\n<link rel=\"canonical\" href=\"https:\/\/www.cftc-afr.fr\/index.php\/plan-du-site\/\" \/>\n<meta property=\"og:locale\" content=\"fr_FR\" \/>\n<meta property=\"og:type\" content=\"article\" \/>\n<meta property=\"og:title\" content=\"Plan du site - CFTC-AFR\" \/>\n<meta property=\"og:url\" content=\"https:\/\/www.cftc-afr.fr\/index.php\/plan-du-site\/\" \/>\n<meta property=\"og:site_name\" content=\"CFTC-AFR\" \/>\n<meta property=\"article:modified_time\" content=\"2018-11-30T14:31:30+00:00\" \/>\n<meta name=\"twitter:card\" content=\"summary_large_image\" \/>\n<script type=\"application\/ld+json\" class=\"yoast-schema-graph\">{\"@context\":\"https:\\\/\\\/schema.org\",\"@graph\":[{\"@type\":\"WebPage\",\"@id\":\"https:\\\/\\\/www.cftc-afr.fr\\\/index.php\\\/plan-du-site\\\/\",\"url\":\"https:\\\/\\\/www.cftc-afr.fr\\\/index.php\\\/plan-du-site\\\/\",\"name\":\"Plan du site - CFTC-AFR\",\"isPartOf\":{\"@id\":\"https:\\\/\\\/www.cftc-afr.fr\\\/#website\"},\"datePublished\":\"2018-11-30T14:31:15+00:00\",\"dateModified\":\"2018-11-30T14:31:30+00:00\",\"breadcrumb\":{\"@id\":\"https:\\\/\\\/www.cftc-afr.fr\\\/index.php\\\/plan-du-site\\\/#breadcrumb\"},\"inLanguage\":\"fr-FR\",\"potentialAction\":[{\"@type\":\"ReadAction\",\"target\":[\"https:\\\/\\\/www.cftc-afr.fr\\\/index.php\\\/plan-du-site\\\/\"]}]},{\"@type\":\"BreadcrumbList\",\"@id\":\"https:\\\/\\\/www.cftc-afr.fr\\\/index.php\\\/plan-du-site\\\/#breadcrumb\",\"itemListElement\":[{\"@type\":\"ListItem\",\"position\":1,\"name\":\"Accueil\",\"item\":\"https:\\\/\\\/www.cftc-afr.fr\\\/\"},{\"@type\":\"ListItem\",\"position\":2,\"name\":\"Plan du site\"}]},{\"@type\":\"WebSite\",\"@id\":\"https:\\\/\\\/www.cftc-afr.fr\\\/#website\",\"url\":\"https:\\\/\\\/www.cftc-afr.fr\\\/\",\"name\":\"CFTC-AFR\",\"description\":\"La vie \u00e0 d\u00e9fendre\",\"potentialAction\":[{\"@type\":\"SearchAction\",\"target\":{\"@type\":\"EntryPoint\",\"urlTemplate\":\"https:\\\/\\\/www.cftc-afr.fr\\\/?s={search_term_string}\"},\"query-input\":{\"@type\":\"PropertyValueSpecification\",\"valueRequired\":true,\"valueName\":\"search_term_string\"}}],\"inLanguage\":\"fr-FR\"}]}<\/script>\n<!-- \/ Yoast SEO plugin. -->","yoast_head_json":{"title":"Plan du site - CFTC-AFR","robots":{"index":"index","follow":"follow","max-snippet":"max-snippet:-1","max-image-preview":"max-image-preview:large","max-video-preview":"max-video-preview:-1"},"canonical":"https:\/\/www.cftc-afr.fr\/index.php\/plan-du-site\/","og_locale":"fr_FR","og_type":"article","og_title":"Plan du site - CFTC-AFR","og_url":"https:\/\/www.cftc-afr.fr\/index.php\/plan-du-site\/","og_site_name":"CFTC-AFR","article_modified_time":"2018-11-30T14:31:30+00:00","twitter_card":"summary_large_image","schema":{"@context":"https:\/\/schema.org","@graph":[{"@type":"WebPage","@id":"https:\/\/www.cftc-afr.fr\/index.php\/plan-du-site\/","url":"https:\/\/www.cftc-afr.fr\/index.php\/plan-du-site\/","name":"Plan du site - CFTC-AFR","isPartOf":{"@id":"https:\/\/www.cftc-afr.fr\/#website"},"datePublished":"2018-11-30T14:31:15+00:00","dateModified":"2018-11-30T14:31:30+00:00","breadcrumb":{"@id":"https:\/\/www.cftc-afr.fr\/index.php\/plan-du-site\/#breadcrumb"},"inLanguage":"fr-FR","potentialAction":[{"@type":"ReadAction","target":["https:\/\/www.cftc-afr.fr\/index.php\/plan-du-site\/"]}]},{"@type":"BreadcrumbList","@id":"https:\/\/www.cftc-afr.fr\/index.php\/plan-du-site\/#breadcrumb","itemListElement":[{"@type":"ListItem","position":1,"name":"Accueil","item":"https:\/\/www.cftc-afr.fr\/"},{"@type":"ListItem","position":2,"name":"Plan du site"}]},{"@type":"WebSite","@id":"https:\/\/www.cftc-afr.fr\/#website","url":"https:\/\/www.cftc-afr.fr\/","name":"CFTC-AFR","description":"La vie \u00e0 d\u00e9fendre","potentialAction":[{"@type":"SearchAction","target":{"@type":"EntryPoint","urlTemplate":"https:\/\/www.cftc-afr.fr\/?s={search_term_string}"},"query-input":{"@type":"PropertyValueSpecification","valueRequired":true,"valueName":"search_term_string"}}],"inLanguage":"fr-FR"}]}},"jetpack_sharing_enabled":true,"jetpack_shortlink":"https:\/\/wp.me\/PauKx7-6r","_links":{"self":[{"href":"https:\/\/www.cftc-afr.fr\/index.php\/wp-json\/wp\/v2\/pages\/399","targetHints":{"allow":["GET"]}}],"collection":[{"href":"https:\/\/www.cftc-afr.fr\/index.php\/wp-json\/wp\/v2\/pages"}],"about":[{"href":"https:\/\/www.cftc-afr.fr\/index.php\/wp-json\/wp\/v2\/types\/page"}],"author":[{"embeddable":true,"href":"https:\/\/www.cftc-afr.fr\/index.php\/wp-json\/wp\/v2\/users\/1"}],"replies":[{"embeddable":true,"href":"https:\/\/www.cftc-afr.fr\/index.php\/wp-json\/wp\/v2\/comments?post=399"}],"version-history":[{"count":2,"href":"https:\/\/www.cftc-afr.fr\/index.php\/wp-json\/wp\/v2\/pages\/399\/revisions"}],"predecessor-version":[{"id":401,"href":"https:\/\/www.cftc-afr.fr\/index.php\/wp-json\/wp\/v2\/pages\/399\/revisions\/401"}],"wp:attachment":[{"href":"https:\/\/www.cftc-afr.fr\/index.php\/wp-json\/wp\/v2\/media?parent=399"}],"curies":[{"name":"wp","href":"https:\/\/api.w.org\/{rel}","templated":true}]}}